{"id":18032,"date":"2024-10-16T20:48:09","date_gmt":"2024-10-16T18:48:09","guid":{"rendered":"http:\/\/villarodriguez.youelba.com\/mountain-bike\/"},"modified":"2024-12-11T10:08:44","modified_gmt":"2024-12-11T09:08:44","slug":"vtt","status":"publish","type":"page","link":"https:\/\/www.villarodriguez.it\/fr\/vtt\/","title":{"rendered":"VTT"},"content":{"rendered":"\t\t<div data-elementor-type=\"wp-page\" data-elementor-id=\"18032\" class=\"elementor elementor-18032 elementor-17429\">\n\t\t\t\t        <section class=\"elementor-section elementor-top-section elementor-element elementor-element-668f196 elementor-section-boxed elementor-section-height-default elementor-section-height-default pxl-section-static-pos-no pxl-section-overflow-hidden-no pxl-container-margin-auto-no\" data-id=\"668f196\" data-element_type=\"section\">\n\n                \n                <div class=\"elementor-container elementor-column-gap-default \">\n                <div class=\"elementor-column elementor-col-100 elementor-top-column elementor-element elementor-element-b977a3e col-offset-none pxl-column-element-default pxl-column-overflow-hidden-no\" data-id=\"b977a3e\" data-element_type=\"column\">\r\n        <div class=\"elementor-widget-wrap elementor-element-populated\">\r\n                    \t\t<div class=\"elementor-element elementor-element-a034fcd elementor-widget elementor-widget-pxl_heading\" data-id=\"a034fcd\" data-element_type=\"widget\" data-widget_type=\"pxl_heading.default\">\n\t\t\t\t<div class=\"elementor-widget-container\">\n\t\t\t\t\t<div class=\"pxl-heading-wrap d-flex\">\n    <div class=\"pxl-heading-inner center \">\n                <h2 class=\"heading-title pxl-animate pxl-invisible animated-normal\" data-settings=\"{&quot;animation&quot;:&quot;fadeInUp&quot;,&quot;animation_delay&quot;:300}\">\n                        D\u00e9couvrez les sentiers \u00e0 couper le souffle de l'Elbe, entre mer et montagne, avec des parcours pour tous les niveaux.         <\/h2>\n            <\/div>\n<\/div>\n\n\t\t\t\t<\/div>\n\t\t\t\t<\/div>\n\t\t\t\t<div class=\"elementor-element elementor-element-be28167 elementor-widget elementor-widget-pxl_text_editor\" data-id=\"be28167\" data-element_type=\"widget\" data-widget_type=\"pxl_text_editor.default\">\n\t\t\t\t<div class=\"elementor-widget-container\">\n\t\t\t\t\t<div id=\"pxl_text_editor-be28167-9262\" class=\"pxl-text-editor-wrap d-flex  pxl-animate pxl-invisible animated-normal\" data-settings=\"{&quot;animation&quot;:&quot;fadeInUp&quot;,&quot;animation_delay&quot;:100}\" >\n\t<div class=\"pxl-text-editor elementor-clearfix\">\n\t\t<p>Depuis l&#8217;H\u00f4tel Villa Rodriguez, situ\u00e9 directement sur la plage de Naregno, il est facile d&#8217;atteindre la zone du promontoire de Calamita, un ancien lieu de comp\u00e9titions internationales de VTT, dont une \u00e9preuve de Coupe du Monde en 1994.<\/p><p>Pour ceux qui souhaitent explorer Elbe \u00e0 v\u00e9lo et d\u00e9couvrir des paysages accessibles uniquement par sentiers, le Monte Calamita offre des chemins bien balis\u00e9s de diff\u00e9rents niveaux de difficult\u00e9. Ces itin\u00e9raires offrent une perspective incomparable : des sentiers plats et battus ou des options plus raides et aventureuses. Certains sentiers longent la c\u00f4te, permettant d&#8217;acc\u00e9der \u00e0 des criques isol\u00e9es, tandis que d&#8217;autres passent par les vestiges d&#8217;une ancienne mine en falaise, traversant des maquis m\u00e9diterran\u00e9ens et des for\u00eats jusqu&#8217;au sommet du Monte Calamita. Les vues sur la mer et l&#8217;\u00eele depuis ces sentiers sont absolument splendides.<\/p>\t\t\n\t<\/div>\n<\/div>\t\t\t\t<\/div>\n\t\t\t\t<\/div>\n\t\t                    <\/div>\r\n        <\/div>\r\n        \t\t\t<\/div>\n\t\t<\/section>\n\t\t        <section class=\"elementor-section elementor-top-section elementor-element elementor-element-13b44403 pxl-section-overflow-hidden-yes elementor-section-boxed elementor-section-height-default elementor-section-height-default pxl-section-static-pos-no pxl-container-margin-auto-no\" data-id=\"13b44403\" data-element_type=\"section\" data-settings=\"{&quot;background_background&quot;:&quot;classic&quot;}\">\n\n        <div class=\"pxl-section-bg-parallax-outer\"><div class=\"pxl-section-bg-parallax\" data-parallax=\"{&quot;y&quot;:-30}\"><\/div><\/div>        \n                <div class=\"elementor-container elementor-column-gap-no \">\n                <div class=\"elementor-column elementor-col-50 elementor-top-column elementor-element elementor-element-272ec79a col-offset-none pxl-column-element-default pxl-column-overflow-hidden-no\" data-id=\"272ec79a\" data-element_type=\"column\" data-settings=\"{&quot;background_background&quot;:&quot;classic&quot;}\">\r\n        <div class=\"elementor-widget-wrap elementor-element-populated\">\r\n                    \t\t<div class=\"elementor-element elementor-element-37c4e386 elementor-invisible pxl-elementor-animate elementor-widget elementor-widget-pxl_text_editor\" data-id=\"37c4e386\" data-element_type=\"widget\" data-settings=\"{&quot;_animation&quot;:&quot;fadeInUp&quot;}\" data-widget_type=\"pxl_text_editor.default\">\n\t\t\t\t<div class=\"elementor-widget-container\">\n\t\t\t\t\t<div id=\"pxl_text_editor-37c4e386-8526\" class=\"pxl-text-editor-wrap d-flex \" >\n\t<div class=\"pxl-text-editor elementor-clearfix\">\n\t\t<p>Pour les passionn\u00e9s de VTT, le Monte Calamita, comme de nombreuses autres r\u00e9gions de l&#8217;\u00eele d&#8217;Elbe, offre un cadre unique qui permet de pratiquer leur activit\u00e9 sportive favorite en contact direct avec la nature.<\/p><p>L&#8217;Hotel Villa Rodriguez offre son soutien pour organiser des vacances ax\u00e9es sur la d\u00e9couverte de l&#8217;\u00eele \u00e0 v\u00e9lo. Des excursions sont organis\u00e9es avec l&#8217;accompagnement d&#8217;un guide expert, tant pour les passionn\u00e9s d\u00e9butants \u2013 avec la possibilit\u00e9 de louer des VTT sur place \u2013 que pour les cyclistes exp\u00e9riment\u00e9s et entra\u00een\u00e9s.<\/p>\t\t\n\t<\/div>\n<\/div>\t\t\t\t<\/div>\n\t\t\t\t<\/div>\n\t\t                    <\/div>\r\n        <\/div>\r\n                <div class=\"elementor-column elementor-col-50 elementor-top-column elementor-element elementor-element-4d39c869 elementor-hidden-tablet elementor-hidden-mobile_extra elementor-hidden-mobile col-offset-none pxl-column-element-default pxl-column-overflow-hidden-no\" data-id=\"4d39c869\" data-element_type=\"column\">\r\n        <div class=\"elementor-widget-wrap\">\r\n                                        <\/div>\r\n        <\/div>\r\n        \t\t\t<\/div>\n\t\t<\/section>\n\t\t        <section class=\"elementor-section elementor-top-section elementor-element elementor-element-67bffb77 elementor-section-full_width elementor-section-content-middle elementor-reverse-tablet elementor-reverse-mobile_extra elementor-reverse-mobile elementor-section-height-default elementor-section-height-default pxl-section-offset-none pxl-section-static-pos-no pxl-section-overflow-hidden-no pxl-container-margin-auto-no\" data-id=\"67bffb77\" data-element_type=\"section\" data-settings=\"{&quot;background_background&quot;:&quot;classic&quot;}\">\n\n        <div class=\"pxl-section-bg-parallax-outer\"><div class=\"pxl-section-bg-parallax\" data-parallax=\"{&quot;x&quot;:-50,&quot;y&quot;:30}\"><\/div><\/div>        \n                <div class=\"elementor-container elementor-column-gap-no \">\n                <div class=\"elementor-column elementor-col-50 elementor-top-column elementor-element elementor-element-7c57da80 pxl-column-overflow-hidden-yes col-offset-none pxl-column-element-default pxl-pll-transform\" data-id=\"7c57da80\" data-element_type=\"column\" data-settings=\"{&quot;background_background&quot;:&quot;classic&quot;}\">\r\n        <div class=\"elementor-widget-wrap elementor-element-populated\">\r\n            <div class=\"pxl-column-bg-parallax-outer\"><div class=\"pxl-column-bg-parallax\" data-parallax=\"{&quot;scale&quot;:1.1}\"><\/div><\/div>        \t\t<div class=\"elementor-element elementor-element-501024f5 elementor-widget elementor-widget-pxl_divider\" data-id=\"501024f5\" data-element_type=\"widget\" data-widget_type=\"pxl_divider.default\">\n\t\t\t\t<div class=\"elementor-widget-container\">\n\t\t\t\t\t<div class=\"pxl-divider horizontal  \"><div class=\"pxl-divider-separator\"><\/div><\/div>\t\t\t\t<\/div>\n\t\t\t\t<\/div>\n\t\t                    <\/div>\r\n        <\/div>\r\n                <div class=\"elementor-column elementor-col-50 elementor-top-column elementor-element elementor-element-513020c1 col-offset-right-container-1625 col-offset-none pxl-column-element-default pxl-column-overflow-hidden-no\" data-id=\"513020c1\" data-element_type=\"column\" data-settings=\"{&quot;background_background&quot;:&quot;classic&quot;}\">\r\n        <div class=\"elementor-widget-wrap elementor-element-populated\">\r\n                    \t\t<div class=\"elementor-element elementor-element-566bf05f elementor-invisible pxl-elementor-animate elementor-widget elementor-widget-pxl_text_editor\" data-id=\"566bf05f\" data-element_type=\"widget\" data-settings=\"{&quot;_animation&quot;:&quot;fadeInUp&quot;}\" data-widget_type=\"pxl_text_editor.default\">\n\t\t\t\t<div class=\"elementor-widget-container\">\n\t\t\t\t\t<div id=\"pxl_text_editor-566bf05f-7026\" class=\"pxl-text-editor-wrap d-flex \" >\n\t<div class=\"pxl-text-editor elementor-clearfix\">\n\t\t<p>L&#8217;h\u00f4tel dispose \u00e9galement d&#8217;un espace couvert pour nettoyer et entretenir les v\u00e9los, ainsi qu&#8217;une salle de stockage s\u00e9curis\u00e9e pour les <strong>ranger en toute s\u00e9curit\u00e9,<\/strong> avec des bornes de recharge pour vtt \u00e9lectriques disponibles.<\/p><p>Pour les accompagnants qui pr\u00e9f\u00e8rent des vacances paisibles et relaxantes, la plage et les services offerts par l&#8217;H\u00f4tel Villa Rodriguez fournissent tout le confort n\u00e9cessaire pour un s\u00e9jour serein.<\/p>\t\t\n\t<\/div>\n<\/div>\t\t\t\t<\/div>\n\t\t\t\t<\/div>\n\t\t\t\t<div class=\"elementor-element elementor-element-31b02e3b elementor-invisible pxl-elementor-animate elementor-widget elementor-widget-pxl_button\" data-id=\"31b02e3b\" data-element_type=\"widget\" data-settings=\"{&quot;_animation&quot;:&quot;fadeInUp&quot;}\" data-widget_type=\"pxl_button.default\">\n\t\t\t\t<div class=\"elementor-widget-container\">\n\t\t\t\t\t<div id=\"pxl_button-31b02e3b-6396\" class=\"pxl-button-wrapper d-flex-wrap pxl-button-layout1\" >\r\n    <a href=\"https:\/\/www.simplebooking.it\/ibe2\/hotel\/10126?lang=IT&amp;cur=EUR\" class=\"pxl-btn default icon-ps-right\">\r\n        <span class=\"pxl-button-text\">R\u00e9serve d\u00e8s maintenant tes vacances<\/span>\r\n            <\/a>\r\n<\/div>\t\t\t\t<\/div>\n\t\t\t\t<\/div>\n\t\t                    <\/div>\r\n        <\/div>\r\n        \t\t\t<\/div>\n\t\t<\/section>\n\t\t\t\t<\/div>\n\t\t","protected":false},"excerpt":{"rendered":"<p>D\u00e9couvrez les sentiers \u00e0 couper le souffle de l&#8217;Elbe, entre mer et montagne, avec des parcours pour tous les niveaux. Depuis l\u2019H\u00f4tel Villa Rodriguez, situ\u00e9 directement sur la plage de Naregno, il est facile d\u2019atteindre la zone du promontoire de Calamita, un ancien lieu de comp\u00e9titions internationales de VTT, dont une \u00e9preuve de Coupe du [&hellip;]<\/p>\n","protected":false},"author":1,"featured_media":0,"parent":0,"menu_order":0,"comment_status":"closed","ping_status":"closed","template":"","meta":{"footnotes":""},"class_list":["post-18032","page","type-page","status-publish","hentry"],"yoast_head":"<!-- This site is optimized with the Yoast SEO plugin v27.0 - https:\/\/yoast.com\/product\/yoast-seo-wordpress\/ -->\n<title>VTT - Hotel Villa Rodriguez direttamente sul mare all&#039;Isola d&#039;Elba<\/title>\n<meta name=\"robots\" content=\"index, follow, max-snippet:-1, max-image-preview:large, max-video-preview:-1\" \/>\n<link rel=\"canonical\" href=\"https:\/\/www.villarodriguez.it\/fr\/vtt\/\" \/>\n<meta property=\"og:locale\" content=\"fr_FR\" \/>\n<meta property=\"og:type\" content=\"article\" \/>\n<meta property=\"og:title\" content=\"VTT - Hotel Villa Rodriguez direttamente sul mare all&#039;Isola d&#039;Elba\" \/>\n<meta property=\"og:description\" content=\"D\u00e9couvrez les sentiers \u00e0 couper le souffle de l&#8217;Elbe, entre mer et montagne, avec des parcours pour tous les niveaux. Depuis l\u2019H\u00f4tel Villa Rodriguez, situ\u00e9 directement sur la plage de Naregno, il est facile d\u2019atteindre la zone du promontoire de Calamita, un ancien lieu de comp\u00e9titions internationales de VTT, dont une \u00e9preuve de Coupe du [&hellip;]\" \/>\n<meta property=\"og:url\" content=\"https:\/\/www.villarodriguez.it\/fr\/vtt\/\" \/>\n<meta property=\"og:site_name\" content=\"Hotel Villa Rodriguez direttamente sul mare all&#039;Isola d&#039;Elba\" \/>\n<meta property=\"article:publisher\" content=\"https:\/\/www.facebook.com\/hotelvillarodriguez\/\" \/>\n<meta property=\"article:modified_time\" content=\"2024-12-11T09:08:44+00:00\" \/>\n<meta property=\"og:image\" content=\"https:\/\/www.villarodriguez.it\/wp-content\/uploads\/2024\/10\/logo-esteso-trasparente.png\" \/>\n\t<meta property=\"og:image:width\" content=\"800\" \/>\n\t<meta property=\"og:image:height\" content=\"352\" \/>\n\t<meta property=\"og:image:type\" content=\"image\/png\" \/>\n<meta name=\"twitter:card\" content=\"summary_large_image\" \/>\n<meta name=\"twitter:label1\" content=\"Dur\u00e9e de lecture estim\u00e9e\" \/>\n\t<meta name=\"twitter:data1\" content=\"2 minutes\" \/>\n<script type=\"application\/ld+json\" class=\"yoast-schema-graph\">{\"@context\":\"https:\/\/schema.org\",\"@graph\":[{\"@type\":\"WebPage\",\"@id\":\"https:\/\/www.villarodriguez.it\/fr\/vtt\/\",\"url\":\"https:\/\/www.villarodriguez.it\/fr\/vtt\/\",\"name\":\"VTT - Hotel Villa Rodriguez direttamente sul mare all&#039;Isola d&#039;Elba\",\"isPartOf\":{\"@id\":\"https:\/\/www.villarodriguez.it\/#website\"},\"datePublished\":\"2024-10-16T18:48:09+00:00\",\"dateModified\":\"2024-12-11T09:08:44+00:00\",\"breadcrumb\":{\"@id\":\"https:\/\/www.villarodriguez.it\/fr\/vtt\/#breadcrumb\"},\"inLanguage\":\"fr-FR\",\"potentialAction\":[{\"@type\":\"ReadAction\",\"target\":[\"https:\/\/www.villarodriguez.it\/fr\/vtt\/\"]}]},{\"@type\":\"BreadcrumbList\",\"@id\":\"https:\/\/www.villarodriguez.it\/fr\/vtt\/#breadcrumb\",\"itemListElement\":[{\"@type\":\"ListItem\",\"position\":1,\"name\":\"Home\",\"item\":\"https:\/\/www.villarodriguez.it\/fr\/\"},{\"@type\":\"ListItem\",\"position\":2,\"name\":\"VTT\"}]},{\"@type\":\"WebSite\",\"@id\":\"https:\/\/www.villarodriguez.it\/#website\",\"url\":\"https:\/\/www.villarodriguez.it\/\",\"name\":\"Hotel Villa Rodriguez: Hotel sul mare all'Isola d'Elba\",\"description\":\"Il tuo soggiorno in Hotel sul mare all&#039;Isola d&#039;Elba. Camere confortevoli, vista mozzafiato, spiaggia privata per una vacanza da sogno.\",\"publisher\":{\"@id\":\"https:\/\/www.villarodriguez.it\/#organization\"},\"potentialAction\":[{\"@type\":\"SearchAction\",\"target\":{\"@type\":\"EntryPoint\",\"urlTemplate\":\"https:\/\/www.villarodriguez.it\/?s={search_term_string}\"},\"query-input\":{\"@type\":\"PropertyValueSpecification\",\"valueRequired\":true,\"valueName\":\"search_term_string\"}}],\"inLanguage\":\"fr-FR\"},{\"@type\":\"Organization\",\"@id\":\"https:\/\/www.villarodriguez.it\/#organization\",\"name\":\"Hotel Villa Rodriguez\",\"url\":\"https:\/\/www.villarodriguez.it\/\",\"logo\":{\"@type\":\"ImageObject\",\"inLanguage\":\"fr-FR\",\"@id\":\"https:\/\/www.villarodriguez.it\/#\/schema\/logo\/image\/\",\"url\":\"https:\/\/www.villarodriguez.it\/wp-content\/uploads\/2024\/10\/logo-esteso-trasparente.png\",\"contentUrl\":\"https:\/\/www.villarodriguez.it\/wp-content\/uploads\/2024\/10\/logo-esteso-trasparente.png\",\"width\":800,\"height\":352,\"caption\":\"Hotel Villa Rodriguez\"},\"image\":{\"@id\":\"https:\/\/www.villarodriguez.it\/#\/schema\/logo\/image\/\"},\"sameAs\":[\"https:\/\/www.facebook.com\/hotelvillarodriguez\/\",\"https:\/\/www.instagram.com\/hotelvillarodriguez\/\"]}]}<\/script>\n<!-- \/ Yoast SEO plugin. -->","yoast_head_json":{"title":"VTT - Hotel Villa Rodriguez direttamente sul mare all&#039;Isola d&#039;Elba","robots":{"index":"index","follow":"follow","max-snippet":"max-snippet:-1","max-image-preview":"max-image-preview:large","max-video-preview":"max-video-preview:-1"},"canonical":"https:\/\/www.villarodriguez.it\/fr\/vtt\/","og_locale":"fr_FR","og_type":"article","og_title":"VTT - Hotel Villa Rodriguez direttamente sul mare all&#039;Isola d&#039;Elba","og_description":"D\u00e9couvrez les sentiers \u00e0 couper le souffle de l&#8217;Elbe, entre mer et montagne, avec des parcours pour tous les niveaux. Depuis l\u2019H\u00f4tel Villa Rodriguez, situ\u00e9 directement sur la plage de Naregno, il est facile d\u2019atteindre la zone du promontoire de Calamita, un ancien lieu de comp\u00e9titions internationales de VTT, dont une \u00e9preuve de Coupe du [&hellip;]","og_url":"https:\/\/www.villarodriguez.it\/fr\/vtt\/","og_site_name":"Hotel Villa Rodriguez direttamente sul mare all&#039;Isola d&#039;Elba","article_publisher":"https:\/\/www.facebook.com\/hotelvillarodriguez\/","article_modified_time":"2024-12-11T09:08:44+00:00","og_image":[{"width":800,"height":352,"url":"https:\/\/www.villarodriguez.it\/wp-content\/uploads\/2024\/10\/logo-esteso-trasparente.png","type":"image\/png"}],"twitter_card":"summary_large_image","twitter_misc":{"Dur\u00e9e de lecture estim\u00e9e":"2 minutes"},"schema":{"@context":"https:\/\/schema.org","@graph":[{"@type":"WebPage","@id":"https:\/\/www.villarodriguez.it\/fr\/vtt\/","url":"https:\/\/www.villarodriguez.it\/fr\/vtt\/","name":"VTT - Hotel Villa Rodriguez direttamente sul mare all&#039;Isola d&#039;Elba","isPartOf":{"@id":"https:\/\/www.villarodriguez.it\/#website"},"datePublished":"2024-10-16T18:48:09+00:00","dateModified":"2024-12-11T09:08:44+00:00","breadcrumb":{"@id":"https:\/\/www.villarodriguez.it\/fr\/vtt\/#breadcrumb"},"inLanguage":"fr-FR","potentialAction":[{"@type":"ReadAction","target":["https:\/\/www.villarodriguez.it\/fr\/vtt\/"]}]},{"@type":"BreadcrumbList","@id":"https:\/\/www.villarodriguez.it\/fr\/vtt\/#breadcrumb","itemListElement":[{"@type":"ListItem","position":1,"name":"Home","item":"https:\/\/www.villarodriguez.it\/fr\/"},{"@type":"ListItem","position":2,"name":"VTT"}]},{"@type":"WebSite","@id":"https:\/\/www.villarodriguez.it\/#website","url":"https:\/\/www.villarodriguez.it\/","name":"Hotel Villa Rodriguez: Hotel sul mare all'Isola d'Elba","description":"Il tuo soggiorno in Hotel sul mare all&#039;Isola d&#039;Elba. Camere confortevoli, vista mozzafiato, spiaggia privata per una vacanza da sogno.","publisher":{"@id":"https:\/\/www.villarodriguez.it\/#organization"},"potentialAction":[{"@type":"SearchAction","target":{"@type":"EntryPoint","urlTemplate":"https:\/\/www.villarodriguez.it\/?s={search_term_string}"},"query-input":{"@type":"PropertyValueSpecification","valueRequired":true,"valueName":"search_term_string"}}],"inLanguage":"fr-FR"},{"@type":"Organization","@id":"https:\/\/www.villarodriguez.it\/#organization","name":"Hotel Villa Rodriguez","url":"https:\/\/www.villarodriguez.it\/","logo":{"@type":"ImageObject","inLanguage":"fr-FR","@id":"https:\/\/www.villarodriguez.it\/#\/schema\/logo\/image\/","url":"https:\/\/www.villarodriguez.it\/wp-content\/uploads\/2024\/10\/logo-esteso-trasparente.png","contentUrl":"https:\/\/www.villarodriguez.it\/wp-content\/uploads\/2024\/10\/logo-esteso-trasparente.png","width":800,"height":352,"caption":"Hotel Villa Rodriguez"},"image":{"@id":"https:\/\/www.villarodriguez.it\/#\/schema\/logo\/image\/"},"sameAs":["https:\/\/www.facebook.com\/hotelvillarodriguez\/","https:\/\/www.instagram.com\/hotelvillarodriguez\/"]}]}},"_links":{"self":[{"href":"https:\/\/www.villarodriguez.it\/fr\/wp-json\/wp\/v2\/pages\/18032","targetHints":{"allow":["GET"]}}],"collection":[{"href":"https:\/\/www.villarodriguez.it\/fr\/wp-json\/wp\/v2\/pages"}],"about":[{"href":"https:\/\/www.villarodriguez.it\/fr\/wp-json\/wp\/v2\/types\/page"}],"author":[{"embeddable":true,"href":"https:\/\/www.villarodriguez.it\/fr\/wp-json\/wp\/v2\/users\/1"}],"replies":[{"embeddable":true,"href":"https:\/\/www.villarodriguez.it\/fr\/wp-json\/wp\/v2\/comments?post=18032"}],"version-history":[{"count":5,"href":"https:\/\/www.villarodriguez.it\/fr\/wp-json\/wp\/v2\/pages\/18032\/revisions"}],"predecessor-version":[{"id":18710,"href":"https:\/\/www.villarodriguez.it\/fr\/wp-json\/wp\/v2\/pages\/18032\/revisions\/18710"}],"wp:attachment":[{"href":"https:\/\/www.villarodriguez.it\/fr\/wp-json\/wp\/v2\/media?parent=18032"}],"curies":[{"name":"wp","href":"https:\/\/api.w.org\/{rel}","templated":true}]}}