{"id":18012,"date":"2023-07-24T08:37:12","date_gmt":"2023-07-24T06:37:12","guid":{"rendered":"http:\/\/villarodriguez.youelba.com\/camere\/"},"modified":"2024-12-11T10:04:10","modified_gmt":"2024-12-11T09:04:10","slug":"chambres","status":"publish","type":"page","link":"https:\/\/www.villarodriguez.it\/fr\/chambres\/","title":{"rendered":"Chambres"},"content":{"rendered":"\t\t<div data-elementor-type=\"wp-page\" data-elementor-id=\"18012\" class=\"elementor elementor-18012 elementor-5098\">\n\t\t\t\t        <section class=\"elementor-section elementor-top-section elementor-element elementor-element-0878ebd elementor-section-full_width elementor-section-height-default elementor-section-height-default pxl-section-offset-none pxl-section-static-pos-no pxl-section-overflow-hidden-no pxl-container-margin-auto-no\" data-id=\"0878ebd\" data-element_type=\"section\">\n\n                \n                <div class=\"elementor-container elementor-column-gap-default \">\n                <div class=\"elementor-column elementor-col-100 elementor-top-column elementor-element elementor-element-1c31db1 col-offset-none pxl-column-element-default pxl-column-overflow-hidden-no\" data-id=\"1c31db1\" data-element_type=\"column\">\r\n        <div class=\"elementor-widget-wrap elementor-element-populated\">\r\n                    \t\t<div class=\"elementor-element elementor-element-788a0d0 elementor-widget elementor-widget-spacer\" data-id=\"788a0d0\" data-element_type=\"widget\" data-widget_type=\"spacer.default\">\n\t\t\t\t<div class=\"elementor-widget-container\">\n\t\t\t\t\t\t\t<div class=\"elementor-spacer\">\n\t\t\t<div class=\"elementor-spacer-inner\"><\/div>\n\t\t<\/div>\n\t\t\t\t\t\t<\/div>\n\t\t\t\t<\/div>\n\t\t\t\t<div class=\"elementor-element elementor-element-a7b1cc7 elementor-widget elementor-widget-pxl_post_list\" data-id=\"a7b1cc7\" data-element_type=\"widget\" data-widget_type=\"pxl_post_list.default\">\n\t\t\t\t<div class=\"elementor-widget-container\">\n\t\t\t\t\t\r\n<div id=\"pxl_post_list-a7b1cc7\" class=\"pxl-grid pxl-post-list post-room-list layout-room-list-3\" data-layout-mode=\"fitRows\" data-start-page=\"1\" data-max-pages=\"1\" data-total=\"3\" data-perpage=\"6\" data-next-link=\"\">\r\n    <div class=\"pxl-grid-overlay\"><\/div>\r\n     \r\n    <div class=\"pxl-grid-inner row relative\"> \r\n                <div class=\"grid-item col-xxl-12 col-xl-12 col-lg-12 col-md-12 col-sm-12 col-12 item-idx-odd\" >\r\n            <div class=\"grid-item-inner item-inner-wrap row  pxl-animate pxl-invisible animated-normal\" data-settings=\"{&quot;animation&quot;:&quot;fadeInRight&quot;,&quot;animation_delay&quot;:150}\">\r\n                                                    <div class=\"item-featured pxl-featured-carousel col-12 col-xl-7 col-xl-custom\">\r\n                        <div class=\"pxl-swiper-slider relative pxl-room-gallery-carousel\">\r\n                            <div class=\"pxl-swiper-slider-wrap pxl-carousel-inner overflow-hidden\">\r\n                                <div class=\"pxl-swiper-container\" data-settings=\"{&quot;slide_direction&quot;:&quot;horizontal&quot;,&quot;slide_percolumn&quot;:1,&quot;slide_mode&quot;:&quot;slide&quot;,&quot;slides_to_show_xxl&quot;:1,&quot;slides_to_show&quot;:1,&quot;slides_to_show_lg&quot;:1,&quot;slides_to_show_md&quot;:1,&quot;slides_to_show_sm&quot;:1,&quot;slides_to_show_xs&quot;:1,&quot;slides_to_scroll&quot;:1,&quot;slides_gutter&quot;:0,&quot;arrow&quot;:false,&quot;dots&quot;:true,&quot;dots_style&quot;:&quot;bullets&quot;,&quot;loop&quot;:true,&quot;speed&quot;:500}\" data-rtl=\"ltr\">\r\n                                    <div class=\"pxl-featured-inner pxl-swiper-wrapper swiper-wrapper\">\r\n                                                                            <div class=\"pxl-swiper-slide swiper-slide\">\r\n                                            <div class=\"item-inner-wrap\">\r\n                                                <img decoding=\"async\" src=\"https:\/\/www.villarodriguez.it\/wp-content\/uploads\/2023\/04\/deluxe-piano-terra-1-1115x571.jpg\">\r\n                                            <\/div>\r\n                                        <\/div>\r\n                                                                            <div class=\"pxl-swiper-slide swiper-slide\">\r\n                                            <div class=\"item-inner-wrap\">\r\n                                                <img decoding=\"async\" src=\"https:\/\/www.villarodriguez.it\/wp-content\/uploads\/2023\/04\/deluxe-con-balcone-1115x571.jpg\">\r\n                                            <\/div>\r\n                                        <\/div>\r\n                                                                            <div class=\"pxl-swiper-slide swiper-slide\">\r\n                                            <div class=\"item-inner-wrap\">\r\n                                                <img decoding=\"async\" src=\"https:\/\/www.villarodriguez.it\/wp-content\/uploads\/2023\/04\/bagno-deluxe-con-balcone-2-1115x571.jpg\">\r\n                                            <\/div>\r\n                                        <\/div>\r\n                                                                            <div class=\"pxl-swiper-slide swiper-slide\">\r\n                                            <div class=\"item-inner-wrap\">\r\n                                                <img decoding=\"async\" src=\"https:\/\/www.villarodriguez.it\/wp-content\/uploads\/2023\/04\/bagno-deluxe-piano-terra-2-1115x571.jpg\">\r\n                                            <\/div>\r\n                                        <\/div>\r\n                                                                            <div class=\"pxl-swiper-slide swiper-slide\">\r\n                                            <div class=\"item-inner-wrap\">\r\n                                                <img decoding=\"async\" src=\"https:\/\/www.villarodriguez.it\/wp-content\/uploads\/2023\/04\/htl-villa-rodriguez-esterni-4039-58-1115x571.jpg\">\r\n                                            <\/div>\r\n                                        <\/div>\r\n                                                                            <div class=\"pxl-swiper-slide swiper-slide\">\r\n                                            <div class=\"item-inner-wrap\">\r\n                                                <img decoding=\"async\" src=\"https:\/\/www.villarodriguez.it\/wp-content\/uploads\/2023\/04\/htl-villa-rodriguez-esterni-4026-52-1115x571.jpg\">\r\n                                            <\/div>\r\n                                        <\/div>\r\n                                                                        <\/div>\r\n                                <\/div>\r\n                            <\/div>\r\n                            <div class=\"pxl-swiper-dots style-bullets\"><\/div>\r\n                        <\/div>\r\n                    <\/div>\r\n                                    <div class=\"item-content col-12 col-xl-5 col-xl-custom\">\r\n                    <div class=\"item-content-inner relative\">\r\n                        <div class=\"room-price-wrap\"><span class=\"room-price\">&#36;0 \/ Night<\/span><\/div>\r\n                        <h3 class=\"item-title\"><a href=\"https:\/\/www.villarodriguez.it\/fr\/phb_room_type\/chambres-deluxe\/\">Chambres Deluxe<\/a><\/h3>\r\n                                                    <div class=\"room-metas d-flex-wrap gx-20 gx-sm-30\">\r\n                                                                    <div class=\"meta-item size d-flex align-items-center\">\r\n                                                                                    <span aria-hidden=\"true\" class=\"pxl-icon cmli cmli-noun-blueprint\"><\/span>                                                                                <span> <span>m<sup>2<\/sup><\/span><\/span>\r\n                                    <\/div>\r\n                                                                                                    <div class=\"meta-item bed d-flex align-items-center\">\r\n                                                                                    <span aria-hidden=\"true\" class=\"pxl-icon cmli cmli-noun-bed-1\"><\/span>                                                                                <span>0 Beds<\/span>\r\n                                    <\/div>\r\n                                                                                                    <div class=\"meta-item guest d-flex align-items-center\">\r\n                                                                                    <span aria-hidden=\"true\" class=\"pxl-icon cmli cmli-user\"><\/span>                                                                                <span>0 Guests<\/span>\r\n                                    <\/div>\r\n                                                                                            <\/div>\r\n                                                                                <div class=\"item-excerpt\">\r\n                                Compl\u00e8tement r\u00e9nov\u00e9es, elles peuvent \u00eatre situ\u00e9es au premier \u00e9tage avec un balcon ou au rez-de-chauss\u00e9e avec un petit jardin.                            <\/div>\r\n                                                \r\n                                                \r\n                                                <div class=\"pxl-divider normal animated\"><div class=\"pxl-divider-separator\"><\/div><\/div>\r\n                                                    <div class=\"item-readmore\">\r\n                                <a href=\"https:\/\/www.villarodriguez.it\/fr\/phb_room_type\/chambres-deluxe\/\" class=\"pxl-btn btn-outline\">\r\n                                    <span class=\"pxl-button-text\">D\u00e9tails<\/span> \r\n                                <\/a>\r\n                            <\/div>\r\n                                            <\/div>\r\n                <\/div>\r\n            <\/div>\r\n        <\/div>\r\n                <div class=\"grid-item col-xxl-12 col-xl-12 col-lg-12 col-md-12 col-sm-12 col-12 item-idx-even\" >\r\n            <div class=\"grid-item-inner item-inner-wrap row  pxl-animate pxl-invisible animated-normal\" data-settings=\"{&quot;animation&quot;:&quot;fadeInLeft&quot;,&quot;animation_delay&quot;:150}\">\r\n                                                    <div class=\"item-featured pxl-featured-carousel col-12 col-xl-7 col-xl-custom\">\r\n                        <div class=\"pxl-swiper-slider relative pxl-room-gallery-carousel\">\r\n                            <div class=\"pxl-swiper-slider-wrap pxl-carousel-inner overflow-hidden\">\r\n                                <div class=\"pxl-swiper-container\" data-settings=\"{&quot;slide_direction&quot;:&quot;horizontal&quot;,&quot;slide_percolumn&quot;:1,&quot;slide_mode&quot;:&quot;slide&quot;,&quot;slides_to_show_xxl&quot;:1,&quot;slides_to_show&quot;:1,&quot;slides_to_show_lg&quot;:1,&quot;slides_to_show_md&quot;:1,&quot;slides_to_show_sm&quot;:1,&quot;slides_to_show_xs&quot;:1,&quot;slides_to_scroll&quot;:1,&quot;slides_gutter&quot;:0,&quot;arrow&quot;:false,&quot;dots&quot;:true,&quot;dots_style&quot;:&quot;bullets&quot;,&quot;loop&quot;:true,&quot;speed&quot;:500}\" data-rtl=\"ltr\">\r\n                                    <div class=\"pxl-featured-inner pxl-swiper-wrapper swiper-wrapper\">\r\n                                                                            <div class=\"pxl-swiper-slide swiper-slide\">\r\n                                            <div class=\"item-inner-wrap\">\r\n                                                <img decoding=\"async\" src=\"https:\/\/www.villarodriguez.it\/wp-content\/uploads\/2023\/04\/classic-con-balcone-vista-mare-1115x571.jpg\">\r\n                                            <\/div>\r\n                                        <\/div>\r\n                                                                            <div class=\"pxl-swiper-slide swiper-slide\">\r\n                                            <div class=\"item-inner-wrap\">\r\n                                                <img decoding=\"async\" src=\"https:\/\/www.villarodriguez.it\/wp-content\/uploads\/2023\/04\/classic-1-piano-senza-balcone-con-vista-mare-1115x571.jpg\">\r\n                                            <\/div>\r\n                                        <\/div>\r\n                                                                            <div class=\"pxl-swiper-slide swiper-slide\">\r\n                                            <div class=\"item-inner-wrap\">\r\n                                                <img decoding=\"async\" src=\"https:\/\/www.villarodriguez.it\/wp-content\/uploads\/2023\/04\/classic-con-balcone-1115x571.jpg\">\r\n                                            <\/div>\r\n                                        <\/div>\r\n                                                                            <div class=\"pxl-swiper-slide swiper-slide\">\r\n                                            <div class=\"item-inner-wrap\">\r\n                                                <img decoding=\"async\" src=\"https:\/\/www.villarodriguez.it\/wp-content\/uploads\/2023\/04\/bagno-camere-classic-1115x571.jpg\">\r\n                                            <\/div>\r\n                                        <\/div>\r\n                                                                        <\/div>\r\n                                <\/div>\r\n                            <\/div>\r\n                            <div class=\"pxl-swiper-dots style-bullets\"><\/div>\r\n                        <\/div>\r\n                    <\/div>\r\n                                    <div class=\"item-content col-12 col-xl-5 col-xl-custom\">\r\n                    <div class=\"item-content-inner relative\">\r\n                        <div class=\"room-price-wrap\"><span class=\"room-price\">&#36;0 \/ Night<\/span><\/div>\r\n                        <h3 class=\"item-title\"><a href=\"https:\/\/www.villarodriguez.it\/fr\/phb_room_type\/chambres-comfort\/\">Chambres Comfort<\/a><\/h3>\r\n                                                    <div class=\"room-metas d-flex-wrap gx-20 gx-sm-30\">\r\n                                                                    <div class=\"meta-item size d-flex align-items-center\">\r\n                                                                                    <span aria-hidden=\"true\" class=\"pxl-icon cmli cmli-noun-blueprint\"><\/span>                                                                                <span> <span>m<sup>2<\/sup><\/span><\/span>\r\n                                    <\/div>\r\n                                                                                                    <div class=\"meta-item bed d-flex align-items-center\">\r\n                                                                                    <span aria-hidden=\"true\" class=\"pxl-icon cmli cmli-noun-bed-1\"><\/span>                                                                                <span>0 Beds<\/span>\r\n                                    <\/div>\r\n                                                                                                    <div class=\"meta-item guest d-flex align-items-center\">\r\n                                                                                    <span aria-hidden=\"true\" class=\"pxl-icon cmli cmli-user\"><\/span>                                                                                <span>0 Guests<\/span>\r\n                                    <\/div>\r\n                                                                                            <\/div>\r\n                                                                                <div class=\"item-excerpt\">\r\n                                Les chambres Comfort peuvent \u00eatre situ\u00e9es au premier \u00e9tage avec ou sans balcon ou au rez-de-chauss\u00e9e.                            <\/div>\r\n                                                \r\n                                                \r\n                                                <div class=\"pxl-divider normal animated\"><div class=\"pxl-divider-separator\"><\/div><\/div>\r\n                                                    <div class=\"item-readmore\">\r\n                                <a href=\"https:\/\/www.villarodriguez.it\/fr\/phb_room_type\/chambres-comfort\/\" class=\"pxl-btn btn-outline\">\r\n                                    <span class=\"pxl-button-text\">D\u00e9tails<\/span> \r\n                                <\/a>\r\n                            <\/div>\r\n                                            <\/div>\r\n                <\/div>\r\n            <\/div>\r\n        <\/div>\r\n                <div class=\"grid-item col-xxl-12 col-xl-12 col-lg-12 col-md-12 col-sm-12 col-12 item-idx-odd\" >\r\n            <div class=\"grid-item-inner item-inner-wrap row  pxl-animate pxl-invisible animated-normal\" data-settings=\"{&quot;animation&quot;:&quot;fadeInRight&quot;,&quot;animation_delay&quot;:150}\">\r\n                                                    <div class=\"item-featured pxl-featured-carousel col-12 col-xl-7 col-xl-custom\">\r\n                        <div class=\"pxl-swiper-slider relative pxl-room-gallery-carousel\">\r\n                            <div class=\"pxl-swiper-slider-wrap pxl-carousel-inner overflow-hidden\">\r\n                                <div class=\"pxl-swiper-container\" data-settings=\"{&quot;slide_direction&quot;:&quot;horizontal&quot;,&quot;slide_percolumn&quot;:1,&quot;slide_mode&quot;:&quot;slide&quot;,&quot;slides_to_show_xxl&quot;:1,&quot;slides_to_show&quot;:1,&quot;slides_to_show_lg&quot;:1,&quot;slides_to_show_md&quot;:1,&quot;slides_to_show_sm&quot;:1,&quot;slides_to_show_xs&quot;:1,&quot;slides_to_scroll&quot;:1,&quot;slides_gutter&quot;:0,&quot;arrow&quot;:false,&quot;dots&quot;:true,&quot;dots_style&quot;:&quot;bullets&quot;,&quot;loop&quot;:true,&quot;speed&quot;:500}\" data-rtl=\"ltr\">\r\n                                    <div class=\"pxl-featured-inner pxl-swiper-wrapper swiper-wrapper\">\r\n                                                                            <div class=\"pxl-swiper-slide swiper-slide\">\r\n                                            <div class=\"item-inner-wrap\">\r\n                                                <img decoding=\"async\" src=\"https:\/\/www.villarodriguez.it\/wp-content\/uploads\/2023\/04\/basic-piano-terra-4-1115x571.jpg\">\r\n                                            <\/div>\r\n                                        <\/div>\r\n                                                                            <div class=\"pxl-swiper-slide swiper-slide\">\r\n                                            <div class=\"item-inner-wrap\">\r\n                                                <img decoding=\"async\" src=\"https:\/\/www.villarodriguez.it\/wp-content\/uploads\/2023\/04\/basic-piano-terra-3-1115x571.jpg\">\r\n                                            <\/div>\r\n                                        <\/div>\r\n                                                                            <div class=\"pxl-swiper-slide swiper-slide\">\r\n                                            <div class=\"item-inner-wrap\">\r\n                                                <img decoding=\"async\" src=\"https:\/\/www.villarodriguez.it\/wp-content\/uploads\/2025\/10\/basic-piano-terra-1115x571.jpg\">\r\n                                            <\/div>\r\n                                        <\/div>\r\n                                                                            <div class=\"pxl-swiper-slide swiper-slide\">\r\n                                            <div class=\"item-inner-wrap\">\r\n                                                <img decoding=\"async\" src=\"https:\/\/www.villarodriguez.it\/wp-content\/uploads\/2023\/04\/basic-1-piano-1115x571.jpg\">\r\n                                            <\/div>\r\n                                        <\/div>\r\n                                                                            <div class=\"pxl-swiper-slide swiper-slide\">\r\n                                            <div class=\"item-inner-wrap\">\r\n                                                <img decoding=\"async\" src=\"https:\/\/www.villarodriguez.it\/wp-content\/uploads\/2023\/04\/bagno-basic-203-1115x571.jpg\">\r\n                                            <\/div>\r\n                                        <\/div>\r\n                                                                        <\/div>\r\n                                <\/div>\r\n                            <\/div>\r\n                            <div class=\"pxl-swiper-dots style-bullets\"><\/div>\r\n                        <\/div>\r\n                    <\/div>\r\n                                    <div class=\"item-content col-12 col-xl-5 col-xl-custom\">\r\n                    <div class=\"item-content-inner relative\">\r\n                        <div class=\"room-price-wrap\"><span class=\"room-price\">&#36;0 \/ Night<\/span><\/div>\r\n                        <h3 class=\"item-title\"><a href=\"https:\/\/www.villarodriguez.it\/fr\/phb_room_type\/chambres-classic\/\">Chambres Classic<\/a><\/h3>\r\n                                                    <div class=\"room-metas d-flex-wrap gx-20 gx-sm-30\">\r\n                                                                    <div class=\"meta-item size d-flex align-items-center\">\r\n                                                                                    <span aria-hidden=\"true\" class=\"pxl-icon cmli cmli-noun-blueprint\"><\/span>                                                                                <span> <span>m<sup>2<\/sup><\/span><\/span>\r\n                                    <\/div>\r\n                                                                                                    <div class=\"meta-item bed d-flex align-items-center\">\r\n                                                                                    <span aria-hidden=\"true\" class=\"pxl-icon cmli cmli-noun-bed-1\"><\/span>                                                                                <span>0 Beds<\/span>\r\n                                    <\/div>\r\n                                                                                                    <div class=\"meta-item guest d-flex align-items-center\">\r\n                                                                                    <span aria-hidden=\"true\" class=\"pxl-icon cmli cmli-user\"><\/span>                                                                                <span>0 Guests<\/span>\r\n                                    <\/div>\r\n                                                                                            <\/div>\r\n                                                                                <div class=\"item-excerpt\">\r\n                                Les chambres Classic peuvent \u00eatre situ\u00e9es au rez-de-chauss\u00e9e ou au premier \u00e9tage sans balcon.                            <\/div>\r\n                                                \r\n                                                \r\n                                                <div class=\"pxl-divider normal animated\"><div class=\"pxl-divider-separator\"><\/div><\/div>\r\n                                                    <div class=\"item-readmore\">\r\n                                <a href=\"https:\/\/www.villarodriguez.it\/fr\/phb_room_type\/chambres-classic\/\" class=\"pxl-btn btn-outline\">\r\n                                    <span class=\"pxl-button-text\">D\u00e9tails<\/span> \r\n                                <\/a>\r\n                            <\/div>\r\n                                            <\/div>\r\n                <\/div>\r\n            <\/div>\r\n        <\/div>\r\n            <\/div>\r\n    \r\n\r\n            \r\n<\/div>\t\t\t\t<\/div>\n\t\t\t\t<\/div>\n\t\t                    <\/div>\r\n        <\/div>\r\n        \t\t\t<\/div>\n\t\t<\/section>\n\t\t\t\t<\/div>\n\t\t","protected":false},"excerpt":{"rendered":"<p>$0 \/ Night Chambres Deluxe m2 0 Beds 0 Guests Compl\u00e8tement r\u00e9nov\u00e9es, elles peuvent \u00eatre situ\u00e9es au premier \u00e9tage avec un balcon ou au rez-de-chauss\u00e9e avec un petit jardin. D\u00e9tails $0 \/ Night Chambres Classic m2 0 Beds 0 Guests Les chambres classiques peuvent \u00eatre situ\u00e9es au premier \u00e9tage avec ou sans balcon ou au [&hellip;]<\/p>\n","protected":false},"author":1,"featured_media":18013,"parent":0,"menu_order":0,"comment_status":"closed","ping_status":"closed","template":"","meta":{"footnotes":""},"class_list":["post-18012","page","type-page","status-publish","has-post-thumbnail","hentry"],"yoast_head":"<!-- This site is optimized with the Yoast SEO plugin v27.0 - https:\/\/yoast.com\/product\/yoast-seo-wordpress\/ -->\n<title>Chambres - Hotel Villa Rodriguez direttamente sul mare all&#039;Isola d&#039;Elba<\/title>\n<meta name=\"robots\" content=\"index, follow, max-snippet:-1, max-image-preview:large, max-video-preview:-1\" \/>\n<link rel=\"canonical\" href=\"https:\/\/www.villarodriguez.it\/fr\/chambres\/\" \/>\n<meta property=\"og:locale\" content=\"fr_FR\" \/>\n<meta property=\"og:type\" content=\"article\" \/>\n<meta property=\"og:title\" content=\"Chambres - Hotel Villa Rodriguez direttamente sul mare all&#039;Isola d&#039;Elba\" \/>\n<meta property=\"og:description\" content=\"$0 \/ Night Chambres Deluxe m2 0 Beds 0 Guests Compl\u00e8tement r\u00e9nov\u00e9es, elles peuvent \u00eatre situ\u00e9es au premier \u00e9tage avec un balcon ou au rez-de-chauss\u00e9e avec un petit jardin. D\u00e9tails $0 \/ Night Chambres Classic m2 0 Beds 0 Guests Les chambres classiques peuvent \u00eatre situ\u00e9es au premier \u00e9tage avec ou sans balcon ou au [&hellip;]\" \/>\n<meta property=\"og:url\" content=\"https:\/\/www.villarodriguez.it\/fr\/chambres\/\" \/>\n<meta property=\"og:site_name\" content=\"Hotel Villa Rodriguez direttamente sul mare all&#039;Isola d&#039;Elba\" \/>\n<meta property=\"article:publisher\" content=\"https:\/\/www.facebook.com\/hotelvillarodriguez\/\" \/>\n<meta property=\"article:modified_time\" content=\"2024-12-11T09:04:10+00:00\" \/>\n<meta property=\"og:image\" content=\"https:\/\/www.villarodriguez.it\/wp-content\/uploads\/2023\/04\/Camera-su-prato_-3.jpg\" \/>\n\t<meta property=\"og:image:width\" content=\"1920\" \/>\n\t<meta property=\"og:image:height\" content=\"1280\" \/>\n\t<meta property=\"og:image:type\" content=\"image\/jpeg\" \/>\n<meta name=\"twitter:card\" content=\"summary_large_image\" \/>\n<meta name=\"twitter:label1\" content=\"Dur\u00e9e de lecture estim\u00e9e\" \/>\n\t<meta name=\"twitter:data1\" content=\"4 minutes\" \/>\n<script type=\"application\/ld+json\" class=\"yoast-schema-graph\">{\"@context\":\"https:\/\/schema.org\",\"@graph\":[{\"@type\":\"WebPage\",\"@id\":\"https:\/\/www.villarodriguez.it\/fr\/chambres\/\",\"url\":\"https:\/\/www.villarodriguez.it\/fr\/chambres\/\",\"name\":\"Chambres - Hotel Villa Rodriguez direttamente sul mare all&#039;Isola d&#039;Elba\",\"isPartOf\":{\"@id\":\"https:\/\/www.villarodriguez.it\/#website\"},\"primaryImageOfPage\":{\"@id\":\"https:\/\/www.villarodriguez.it\/fr\/chambres\/#primaryimage\"},\"image\":{\"@id\":\"https:\/\/www.villarodriguez.it\/fr\/chambres\/#primaryimage\"},\"thumbnailUrl\":\"https:\/\/www.villarodriguez.it\/wp-content\/uploads\/2023\/04\/Camera-su-prato_-3.jpg\",\"datePublished\":\"2023-07-24T06:37:12+00:00\",\"dateModified\":\"2024-12-11T09:04:10+00:00\",\"breadcrumb\":{\"@id\":\"https:\/\/www.villarodriguez.it\/fr\/chambres\/#breadcrumb\"},\"inLanguage\":\"fr-FR\",\"potentialAction\":[{\"@type\":\"ReadAction\",\"target\":[\"https:\/\/www.villarodriguez.it\/fr\/chambres\/\"]}]},{\"@type\":\"ImageObject\",\"inLanguage\":\"fr-FR\",\"@id\":\"https:\/\/www.villarodriguez.it\/fr\/chambres\/#primaryimage\",\"url\":\"https:\/\/www.villarodriguez.it\/wp-content\/uploads\/2023\/04\/Camera-su-prato_-3.jpg\",\"contentUrl\":\"https:\/\/www.villarodriguez.it\/wp-content\/uploads\/2023\/04\/Camera-su-prato_-3.jpg\",\"width\":1920,\"height\":1280},{\"@type\":\"BreadcrumbList\",\"@id\":\"https:\/\/www.villarodriguez.it\/fr\/chambres\/#breadcrumb\",\"itemListElement\":[{\"@type\":\"ListItem\",\"position\":1,\"name\":\"Home\",\"item\":\"https:\/\/www.villarodriguez.it\/fr\/\"},{\"@type\":\"ListItem\",\"position\":2,\"name\":\"Chambres\"}]},{\"@type\":\"WebSite\",\"@id\":\"https:\/\/www.villarodriguez.it\/#website\",\"url\":\"https:\/\/www.villarodriguez.it\/\",\"name\":\"Hotel Villa Rodriguez: Hotel sul mare all'Isola d'Elba\",\"description\":\"Il tuo soggiorno in Hotel sul mare all&#039;Isola d&#039;Elba. Camere confortevoli, vista mozzafiato, spiaggia privata per una vacanza da sogno.\",\"publisher\":{\"@id\":\"https:\/\/www.villarodriguez.it\/#organization\"},\"potentialAction\":[{\"@type\":\"SearchAction\",\"target\":{\"@type\":\"EntryPoint\",\"urlTemplate\":\"https:\/\/www.villarodriguez.it\/?s={search_term_string}\"},\"query-input\":{\"@type\":\"PropertyValueSpecification\",\"valueRequired\":true,\"valueName\":\"search_term_string\"}}],\"inLanguage\":\"fr-FR\"},{\"@type\":\"Organization\",\"@id\":\"https:\/\/www.villarodriguez.it\/#organization\",\"name\":\"Hotel Villa Rodriguez\",\"url\":\"https:\/\/www.villarodriguez.it\/\",\"logo\":{\"@type\":\"ImageObject\",\"inLanguage\":\"fr-FR\",\"@id\":\"https:\/\/www.villarodriguez.it\/#\/schema\/logo\/image\/\",\"url\":\"https:\/\/www.villarodriguez.it\/wp-content\/uploads\/2024\/10\/logo-esteso-trasparente.png\",\"contentUrl\":\"https:\/\/www.villarodriguez.it\/wp-content\/uploads\/2024\/10\/logo-esteso-trasparente.png\",\"width\":800,\"height\":352,\"caption\":\"Hotel Villa Rodriguez\"},\"image\":{\"@id\":\"https:\/\/www.villarodriguez.it\/#\/schema\/logo\/image\/\"},\"sameAs\":[\"https:\/\/www.facebook.com\/hotelvillarodriguez\/\",\"https:\/\/www.instagram.com\/hotelvillarodriguez\/\"]}]}<\/script>\n<!-- \/ Yoast SEO plugin. -->","yoast_head_json":{"title":"Chambres - Hotel Villa Rodriguez direttamente sul mare all&#039;Isola d&#039;Elba","robots":{"index":"index","follow":"follow","max-snippet":"max-snippet:-1","max-image-preview":"max-image-preview:large","max-video-preview":"max-video-preview:-1"},"canonical":"https:\/\/www.villarodriguez.it\/fr\/chambres\/","og_locale":"fr_FR","og_type":"article","og_title":"Chambres - Hotel Villa Rodriguez direttamente sul mare all&#039;Isola d&#039;Elba","og_description":"$0 \/ Night Chambres Deluxe m2 0 Beds 0 Guests Compl\u00e8tement r\u00e9nov\u00e9es, elles peuvent \u00eatre situ\u00e9es au premier \u00e9tage avec un balcon ou au rez-de-chauss\u00e9e avec un petit jardin. D\u00e9tails $0 \/ Night Chambres Classic m2 0 Beds 0 Guests Les chambres classiques peuvent \u00eatre situ\u00e9es au premier \u00e9tage avec ou sans balcon ou au [&hellip;]","og_url":"https:\/\/www.villarodriguez.it\/fr\/chambres\/","og_site_name":"Hotel Villa Rodriguez direttamente sul mare all&#039;Isola d&#039;Elba","article_publisher":"https:\/\/www.facebook.com\/hotelvillarodriguez\/","article_modified_time":"2024-12-11T09:04:10+00:00","og_image":[{"width":1920,"height":1280,"url":"https:\/\/www.villarodriguez.it\/wp-content\/uploads\/2023\/04\/Camera-su-prato_-3.jpg","type":"image\/jpeg"}],"twitter_card":"summary_large_image","twitter_misc":{"Dur\u00e9e de lecture estim\u00e9e":"4 minutes"},"schema":{"@context":"https:\/\/schema.org","@graph":[{"@type":"WebPage","@id":"https:\/\/www.villarodriguez.it\/fr\/chambres\/","url":"https:\/\/www.villarodriguez.it\/fr\/chambres\/","name":"Chambres - Hotel Villa Rodriguez direttamente sul mare all&#039;Isola d&#039;Elba","isPartOf":{"@id":"https:\/\/www.villarodriguez.it\/#website"},"primaryImageOfPage":{"@id":"https:\/\/www.villarodriguez.it\/fr\/chambres\/#primaryimage"},"image":{"@id":"https:\/\/www.villarodriguez.it\/fr\/chambres\/#primaryimage"},"thumbnailUrl":"https:\/\/www.villarodriguez.it\/wp-content\/uploads\/2023\/04\/Camera-su-prato_-3.jpg","datePublished":"2023-07-24T06:37:12+00:00","dateModified":"2024-12-11T09:04:10+00:00","breadcrumb":{"@id":"https:\/\/www.villarodriguez.it\/fr\/chambres\/#breadcrumb"},"inLanguage":"fr-FR","potentialAction":[{"@type":"ReadAction","target":["https:\/\/www.villarodriguez.it\/fr\/chambres\/"]}]},{"@type":"ImageObject","inLanguage":"fr-FR","@id":"https:\/\/www.villarodriguez.it\/fr\/chambres\/#primaryimage","url":"https:\/\/www.villarodriguez.it\/wp-content\/uploads\/2023\/04\/Camera-su-prato_-3.jpg","contentUrl":"https:\/\/www.villarodriguez.it\/wp-content\/uploads\/2023\/04\/Camera-su-prato_-3.jpg","width":1920,"height":1280},{"@type":"BreadcrumbList","@id":"https:\/\/www.villarodriguez.it\/fr\/chambres\/#breadcrumb","itemListElement":[{"@type":"ListItem","position":1,"name":"Home","item":"https:\/\/www.villarodriguez.it\/fr\/"},{"@type":"ListItem","position":2,"name":"Chambres"}]},{"@type":"WebSite","@id":"https:\/\/www.villarodriguez.it\/#website","url":"https:\/\/www.villarodriguez.it\/","name":"Hotel Villa Rodriguez: Hotel sul mare all'Isola d'Elba","description":"Il tuo soggiorno in Hotel sul mare all&#039;Isola d&#039;Elba. Camere confortevoli, vista mozzafiato, spiaggia privata per una vacanza da sogno.","publisher":{"@id":"https:\/\/www.villarodriguez.it\/#organization"},"potentialAction":[{"@type":"SearchAction","target":{"@type":"EntryPoint","urlTemplate":"https:\/\/www.villarodriguez.it\/?s={search_term_string}"},"query-input":{"@type":"PropertyValueSpecification","valueRequired":true,"valueName":"search_term_string"}}],"inLanguage":"fr-FR"},{"@type":"Organization","@id":"https:\/\/www.villarodriguez.it\/#organization","name":"Hotel Villa Rodriguez","url":"https:\/\/www.villarodriguez.it\/","logo":{"@type":"ImageObject","inLanguage":"fr-FR","@id":"https:\/\/www.villarodriguez.it\/#\/schema\/logo\/image\/","url":"https:\/\/www.villarodriguez.it\/wp-content\/uploads\/2024\/10\/logo-esteso-trasparente.png","contentUrl":"https:\/\/www.villarodriguez.it\/wp-content\/uploads\/2024\/10\/logo-esteso-trasparente.png","width":800,"height":352,"caption":"Hotel Villa Rodriguez"},"image":{"@id":"https:\/\/www.villarodriguez.it\/#\/schema\/logo\/image\/"},"sameAs":["https:\/\/www.facebook.com\/hotelvillarodriguez\/","https:\/\/www.instagram.com\/hotelvillarodriguez\/"]}]}},"_links":{"self":[{"href":"https:\/\/www.villarodriguez.it\/fr\/wp-json\/wp\/v2\/pages\/18012","targetHints":{"allow":["GET"]}}],"collection":[{"href":"https:\/\/www.villarodriguez.it\/fr\/wp-json\/wp\/v2\/pages"}],"about":[{"href":"https:\/\/www.villarodriguez.it\/fr\/wp-json\/wp\/v2\/types\/page"}],"author":[{"embeddable":true,"href":"https:\/\/www.villarodriguez.it\/fr\/wp-json\/wp\/v2\/users\/1"}],"replies":[{"embeddable":true,"href":"https:\/\/www.villarodriguez.it\/fr\/wp-json\/wp\/v2\/comments?post=18012"}],"version-history":[{"count":5,"href":"https:\/\/www.villarodriguez.it\/fr\/wp-json\/wp\/v2\/pages\/18012\/revisions"}],"predecessor-version":[{"id":18700,"href":"https:\/\/www.villarodriguez.it\/fr\/wp-json\/wp\/v2\/pages\/18012\/revisions\/18700"}],"wp:featuredmedia":[{"embeddable":true,"href":"https:\/\/www.villarodriguez.it\/fr\/wp-json\/wp\/v2\/media\/18013"}],"wp:attachment":[{"href":"https:\/\/www.villarodriguez.it\/fr\/wp-json\/wp\/v2\/media?parent=18012"}],"curies":[{"name":"wp","href":"https:\/\/api.w.org\/{rel}","templated":true}]}}