{"id":18058,"date":"2024-10-17T08:36:32","date_gmt":"2024-10-17T06:36:32","guid":{"rendered":"http:\/\/villarodriguez.youelba.com\/trekking\/"},"modified":"2024-12-11T09:59:05","modified_gmt":"2024-12-11T08:59:05","slug":"trekking","status":"publish","type":"page","link":"https:\/\/www.villarodriguez.it\/de\/trekking\/","title":{"rendered":"Trekking"},"content":{"rendered":"\t\t<div data-elementor-type=\"wp-page\" data-elementor-id=\"18058\" class=\"elementor elementor-18058 elementor-17499\">\n\t\t\t\t        <section class=\"elementor-section elementor-top-section elementor-element elementor-element-668f196 elementor-section-boxed elementor-section-height-default elementor-section-height-default pxl-section-static-pos-no pxl-section-overflow-hidden-no pxl-container-margin-auto-no\" data-id=\"668f196\" data-element_type=\"section\">\n\n                \n                <div class=\"elementor-container elementor-column-gap-default \">\n                <div class=\"elementor-column elementor-col-100 elementor-top-column elementor-element elementor-element-b977a3e col-offset-none pxl-column-element-default pxl-column-overflow-hidden-no\" data-id=\"b977a3e\" data-element_type=\"column\">\r\n        <div class=\"elementor-widget-wrap elementor-element-populated\">\r\n                    \t\t<div class=\"elementor-element elementor-element-a034fcd elementor-widget elementor-widget-pxl_heading\" data-id=\"a034fcd\" data-element_type=\"widget\" data-widget_type=\"pxl_heading.default\">\n\t\t\t\t<div class=\"elementor-widget-container\">\n\t\t\t\t\t<div class=\"pxl-heading-wrap d-flex\">\n    <div class=\"pxl-heading-inner center \">\n                <h2 class=\"heading-title pxl-animate pxl-invisible animated-normal\" data-settings=\"{&quot;animation&quot;:&quot;fadeInUp&quot;,&quot;animation_delay&quot;:300}\">\n                        Entdecke die Panoramawanderwege und mediterranen D\u00fcfte der Bucht von Naregno und des Monte Calamita         <\/h2>\n            <\/div>\n<\/div>\n\n\t\t\t\t<\/div>\n\t\t\t\t<\/div>\n\t\t\t\t<div class=\"elementor-element elementor-element-be28167 elementor-widget elementor-widget-pxl_text_editor\" data-id=\"be28167\" data-element_type=\"widget\" data-widget_type=\"pxl_text_editor.default\">\n\t\t\t\t<div class=\"elementor-widget-container\">\n\t\t\t\t\t<div id=\"pxl_text_editor-be28167-6973\" class=\"pxl-text-editor-wrap d-flex  pxl-animate pxl-invisible animated-normal\" data-settings=\"{&quot;animation&quot;:&quot;fadeInUp&quot;,&quot;animation_delay&quot;:100}\" >\n\t<div class=\"pxl-text-editor elementor-clearfix\">\n\t\t<p>Die wundersch\u00f6ne Bucht von Naregno, in der sich das Hotel Villa Rodriguez befindet, sowie die N\u00e4he zum Monte Calamita, bieten einen idealen Ausgangspunkt f\u00fcr alle, die sich dem <strong>Wandern und Spazierg\u00e4ngen inmitten der Natur widmen m\u00f6chten. <\/strong><\/p><p>Direkt vor dem Hotel verl\u00e4uft der Wanderweg 230 des CAI, der Sie zum Leuchtturm von Forte Focardo f\u00fchrt. Auf dem weiteren Weg k\u00f6nnen Sie beeindruckende Ausblicke genie\u00dfen und in die D\u00fcfte der mediterranen Macchia und der wilden Orchideen des Monte Calamita eintauchen.<\/p>\t\t\n\t<\/div>\n<\/div>\t\t\t\t<\/div>\n\t\t\t\t<\/div>\n\t\t                    <\/div>\r\n        <\/div>\r\n        \t\t\t<\/div>\n\t\t<\/section>\n\t\t        <section class=\"elementor-section elementor-top-section elementor-element elementor-element-1a1fc05a elementor-section-full_width elementor-section-content-middle elementor-reverse-tablet elementor-reverse-mobile_extra elementor-reverse-mobile elementor-section-height-default elementor-section-height-default pxl-section-offset-none pxl-section-static-pos-no pxl-section-overflow-hidden-no pxl-container-margin-auto-no\" data-id=\"1a1fc05a\" data-element_type=\"section\" data-settings=\"{&quot;background_background&quot;:&quot;classic&quot;}\">\n\n                \n                <div class=\"elementor-container elementor-column-gap-no \">\n                <div class=\"elementor-column elementor-col-50 elementor-top-column elementor-element elementor-element-efbfee2 pxl-column-overflow-hidden-yes col-offset-none pxl-column-element-default pxl-pll-transform\" data-id=\"efbfee2\" data-element_type=\"column\" data-settings=\"{&quot;background_background&quot;:&quot;classic&quot;}\">\r\n        <div class=\"elementor-widget-wrap elementor-element-populated\">\r\n            <div class=\"pxl-column-bg-parallax-outer\"><div class=\"pxl-column-bg-parallax\" data-parallax=\"{&quot;scale&quot;:1.1}\"><\/div><\/div>        \t\t<div class=\"elementor-element elementor-element-4470fc2e elementor-widget elementor-widget-pxl_divider\" data-id=\"4470fc2e\" data-element_type=\"widget\" data-widget_type=\"pxl_divider.default\">\n\t\t\t\t<div class=\"elementor-widget-container\">\n\t\t\t\t\t<div class=\"pxl-divider horizontal  \"><div class=\"pxl-divider-separator\"><\/div><\/div>\t\t\t\t<\/div>\n\t\t\t\t<\/div>\n\t\t                    <\/div>\r\n        <\/div>\r\n                <div class=\"elementor-column elementor-col-50 elementor-top-column elementor-element elementor-element-4c6704a6 col-offset-right-container-1625 col-offset-none pxl-column-element-default pxl-column-overflow-hidden-no\" data-id=\"4c6704a6\" data-element_type=\"column\" data-settings=\"{&quot;background_background&quot;:&quot;classic&quot;}\">\r\n        <div class=\"elementor-widget-wrap elementor-element-populated\">\r\n                    \t\t<div class=\"elementor-element elementor-element-636fcd9f elementor-invisible pxl-elementor-animate elementor-widget elementor-widget-pxl_text_editor\" data-id=\"636fcd9f\" data-element_type=\"widget\" data-settings=\"{&quot;_animation&quot;:&quot;fadeInUp&quot;}\" data-widget_type=\"pxl_text_editor.default\">\n\t\t\t\t<div class=\"elementor-widget-container\">\n\t\t\t\t\t<div id=\"pxl_text_editor-636fcd9f-5394\" class=\"pxl-text-editor-wrap d-flex \" >\n\t<div class=\"pxl-text-editor elementor-clearfix\">\n\t\t<p>Wanderfreunde finden auf Elba ein ideales Terrain f\u00fcr diese Aktivit\u00e4t, da sie aus hunderten von Kilometern unbefestigten Wegen w\u00e4hlen k\u00f6nnen, die sich entlang der K\u00fcste erstrecken und einen spektakul\u00e4ren Meerblick bieten. Es gibt Wege, die aus der Macchia in dichte W\u00e4lder f\u00fchren, oder alte Maultierpfade, die bis zu den h\u00f6chsten Punkten der Insel hinauff\u00fchren.<\/p><p>F\u00fcr diejenigen, die ihren Urlaub in v\u00f6lliger Entspannung genie\u00dfen m\u00f6chten, bietet das Hotel Villa Rodriguez die Vorteile einer direkten Lage am Meer, einen gut ausgestatteten Strand und alle Annehmlichkeiten f\u00fcr einen erholsamen und beruhigenden Aufenthalt.<\/p>\t\t\n\t<\/div>\n<\/div>\t\t\t\t<\/div>\n\t\t\t\t<\/div>\n\t\t                    <\/div>\r\n        <\/div>\r\n        \t\t\t<\/div>\n\t\t<\/section>\n\t\t\t\t<\/div>\n\t\t","protected":false},"excerpt":{"rendered":"<p>Entdecke die Panoramawanderwege und mediterranen D\u00fcfte der Bucht von Naregno und des Monte Calamita Die wundersch\u00f6ne Bucht von Naregno, in der sich das Hotel Villa Rodriguez befindet, sowie die N\u00e4he zum Monte Calamita, bieten einen idealen Ausgangspunkt f\u00fcr alle, die sich dem Wandern und Spazierg\u00e4ngen inmitten der Natur widmen m\u00f6chten. Direkt vor dem Hotel verl\u00e4uft [&hellip;]<\/p>\n","protected":false},"author":1,"featured_media":0,"parent":0,"menu_order":0,"comment_status":"closed","ping_status":"closed","template":"","meta":{"footnotes":""},"class_list":["post-18058","page","type-page","status-publish","hentry"],"yoast_head":"<!-- This site is optimized with the Yoast SEO plugin v27.0 - https:\/\/yoast.com\/product\/yoast-seo-wordpress\/ -->\n<title>Trekking - Hotel Villa Rodriguez direttamente sul mare all&#039;Isola d&#039;Elba<\/title>\n<meta name=\"robots\" content=\"index, follow, max-snippet:-1, max-image-preview:large, max-video-preview:-1\" \/>\n<link rel=\"canonical\" href=\"https:\/\/www.villarodriguez.it\/de\/trekking\/\" \/>\n<meta property=\"og:locale\" content=\"de_DE\" \/>\n<meta property=\"og:type\" content=\"article\" \/>\n<meta property=\"og:title\" content=\"Trekking - Hotel Villa Rodriguez direttamente sul mare all&#039;Isola d&#039;Elba\" \/>\n<meta property=\"og:description\" content=\"Entdecke die Panoramawanderwege und mediterranen D\u00fcfte der Bucht von Naregno und des Monte Calamita Die wundersch\u00f6ne Bucht von Naregno, in der sich das Hotel Villa Rodriguez befindet, sowie die N\u00e4he zum Monte Calamita, bieten einen idealen Ausgangspunkt f\u00fcr alle, die sich dem Wandern und Spazierg\u00e4ngen inmitten der Natur widmen m\u00f6chten. Direkt vor dem Hotel verl\u00e4uft [&hellip;]\" \/>\n<meta property=\"og:url\" content=\"https:\/\/www.villarodriguez.it\/de\/trekking\/\" \/>\n<meta property=\"og:site_name\" content=\"Hotel Villa Rodriguez direttamente sul mare all&#039;Isola d&#039;Elba\" \/>\n<meta property=\"article:publisher\" content=\"https:\/\/www.facebook.com\/hotelvillarodriguez\/\" \/>\n<meta property=\"article:modified_time\" content=\"2024-12-11T08:59:05+00:00\" \/>\n<meta property=\"og:image\" content=\"https:\/\/www.villarodriguez.it\/wp-content\/uploads\/2024\/10\/logo-esteso-trasparente.png\" \/>\n\t<meta property=\"og:image:width\" content=\"800\" \/>\n\t<meta property=\"og:image:height\" content=\"352\" \/>\n\t<meta property=\"og:image:type\" content=\"image\/png\" \/>\n<meta name=\"twitter:card\" content=\"summary_large_image\" \/>\n<meta name=\"twitter:label1\" content=\"Gesch\u00e4tzte Lesezeit\" \/>\n\t<meta name=\"twitter:data1\" content=\"1\u00a0Minute\" \/>\n<script type=\"application\/ld+json\" class=\"yoast-schema-graph\">{\"@context\":\"https:\/\/schema.org\",\"@graph\":[{\"@type\":\"WebPage\",\"@id\":\"https:\/\/www.villarodriguez.it\/de\/trekking\/\",\"url\":\"https:\/\/www.villarodriguez.it\/de\/trekking\/\",\"name\":\"Trekking - Hotel Villa Rodriguez direttamente sul mare all&#039;Isola d&#039;Elba\",\"isPartOf\":{\"@id\":\"https:\/\/www.villarodriguez.it\/#website\"},\"datePublished\":\"2024-10-17T06:36:32+00:00\",\"dateModified\":\"2024-12-11T08:59:05+00:00\",\"breadcrumb\":{\"@id\":\"https:\/\/www.villarodriguez.it\/de\/trekking\/#breadcrumb\"},\"inLanguage\":\"de\",\"potentialAction\":[{\"@type\":\"ReadAction\",\"target\":[\"https:\/\/www.villarodriguez.it\/de\/trekking\/\"]}]},{\"@type\":\"BreadcrumbList\",\"@id\":\"https:\/\/www.villarodriguez.it\/de\/trekking\/#breadcrumb\",\"itemListElement\":[{\"@type\":\"ListItem\",\"position\":1,\"name\":\"Home\",\"item\":\"https:\/\/www.villarodriguez.it\/de\/\"},{\"@type\":\"ListItem\",\"position\":2,\"name\":\"Trekking\"}]},{\"@type\":\"WebSite\",\"@id\":\"https:\/\/www.villarodriguez.it\/#website\",\"url\":\"https:\/\/www.villarodriguez.it\/\",\"name\":\"Hotel Villa Rodriguez: Hotel sul mare all'Isola d'Elba\",\"description\":\"Il tuo soggiorno in Hotel sul mare all&#039;Isola d&#039;Elba. Camere confortevoli, vista mozzafiato, spiaggia privata per una vacanza da sogno.\",\"publisher\":{\"@id\":\"https:\/\/www.villarodriguez.it\/#organization\"},\"potentialAction\":[{\"@type\":\"SearchAction\",\"target\":{\"@type\":\"EntryPoint\",\"urlTemplate\":\"https:\/\/www.villarodriguez.it\/?s={search_term_string}\"},\"query-input\":{\"@type\":\"PropertyValueSpecification\",\"valueRequired\":true,\"valueName\":\"search_term_string\"}}],\"inLanguage\":\"de\"},{\"@type\":\"Organization\",\"@id\":\"https:\/\/www.villarodriguez.it\/#organization\",\"name\":\"Hotel Villa Rodriguez\",\"url\":\"https:\/\/www.villarodriguez.it\/\",\"logo\":{\"@type\":\"ImageObject\",\"inLanguage\":\"de\",\"@id\":\"https:\/\/www.villarodriguez.it\/#\/schema\/logo\/image\/\",\"url\":\"https:\/\/www.villarodriguez.it\/wp-content\/uploads\/2024\/10\/logo-esteso-trasparente.png\",\"contentUrl\":\"https:\/\/www.villarodriguez.it\/wp-content\/uploads\/2024\/10\/logo-esteso-trasparente.png\",\"width\":800,\"height\":352,\"caption\":\"Hotel Villa Rodriguez\"},\"image\":{\"@id\":\"https:\/\/www.villarodriguez.it\/#\/schema\/logo\/image\/\"},\"sameAs\":[\"https:\/\/www.facebook.com\/hotelvillarodriguez\/\",\"https:\/\/www.instagram.com\/hotelvillarodriguez\/\"]}]}<\/script>\n<!-- \/ Yoast SEO plugin. -->","yoast_head_json":{"title":"Trekking - Hotel Villa Rodriguez direttamente sul mare all&#039;Isola d&#039;Elba","robots":{"index":"index","follow":"follow","max-snippet":"max-snippet:-1","max-image-preview":"max-image-preview:large","max-video-preview":"max-video-preview:-1"},"canonical":"https:\/\/www.villarodriguez.it\/de\/trekking\/","og_locale":"de_DE","og_type":"article","og_title":"Trekking - Hotel Villa Rodriguez direttamente sul mare all&#039;Isola d&#039;Elba","og_description":"Entdecke die Panoramawanderwege und mediterranen D\u00fcfte der Bucht von Naregno und des Monte Calamita Die wundersch\u00f6ne Bucht von Naregno, in der sich das Hotel Villa Rodriguez befindet, sowie die N\u00e4he zum Monte Calamita, bieten einen idealen Ausgangspunkt f\u00fcr alle, die sich dem Wandern und Spazierg\u00e4ngen inmitten der Natur widmen m\u00f6chten. Direkt vor dem Hotel verl\u00e4uft [&hellip;]","og_url":"https:\/\/www.villarodriguez.it\/de\/trekking\/","og_site_name":"Hotel Villa Rodriguez direttamente sul mare all&#039;Isola d&#039;Elba","article_publisher":"https:\/\/www.facebook.com\/hotelvillarodriguez\/","article_modified_time":"2024-12-11T08:59:05+00:00","og_image":[{"width":800,"height":352,"url":"https:\/\/www.villarodriguez.it\/wp-content\/uploads\/2024\/10\/logo-esteso-trasparente.png","type":"image\/png"}],"twitter_card":"summary_large_image","twitter_misc":{"Gesch\u00e4tzte Lesezeit":"1\u00a0Minute"},"schema":{"@context":"https:\/\/schema.org","@graph":[{"@type":"WebPage","@id":"https:\/\/www.villarodriguez.it\/de\/trekking\/","url":"https:\/\/www.villarodriguez.it\/de\/trekking\/","name":"Trekking - Hotel Villa Rodriguez direttamente sul mare all&#039;Isola d&#039;Elba","isPartOf":{"@id":"https:\/\/www.villarodriguez.it\/#website"},"datePublished":"2024-10-17T06:36:32+00:00","dateModified":"2024-12-11T08:59:05+00:00","breadcrumb":{"@id":"https:\/\/www.villarodriguez.it\/de\/trekking\/#breadcrumb"},"inLanguage":"de","potentialAction":[{"@type":"ReadAction","target":["https:\/\/www.villarodriguez.it\/de\/trekking\/"]}]},{"@type":"BreadcrumbList","@id":"https:\/\/www.villarodriguez.it\/de\/trekking\/#breadcrumb","itemListElement":[{"@type":"ListItem","position":1,"name":"Home","item":"https:\/\/www.villarodriguez.it\/de\/"},{"@type":"ListItem","position":2,"name":"Trekking"}]},{"@type":"WebSite","@id":"https:\/\/www.villarodriguez.it\/#website","url":"https:\/\/www.villarodriguez.it\/","name":"Hotel Villa Rodriguez: Hotel sul mare all'Isola d'Elba","description":"Il tuo soggiorno in Hotel sul mare all&#039;Isola d&#039;Elba. Camere confortevoli, vista mozzafiato, spiaggia privata per una vacanza da sogno.","publisher":{"@id":"https:\/\/www.villarodriguez.it\/#organization"},"potentialAction":[{"@type":"SearchAction","target":{"@type":"EntryPoint","urlTemplate":"https:\/\/www.villarodriguez.it\/?s={search_term_string}"},"query-input":{"@type":"PropertyValueSpecification","valueRequired":true,"valueName":"search_term_string"}}],"inLanguage":"de"},{"@type":"Organization","@id":"https:\/\/www.villarodriguez.it\/#organization","name":"Hotel Villa Rodriguez","url":"https:\/\/www.villarodriguez.it\/","logo":{"@type":"ImageObject","inLanguage":"de","@id":"https:\/\/www.villarodriguez.it\/#\/schema\/logo\/image\/","url":"https:\/\/www.villarodriguez.it\/wp-content\/uploads\/2024\/10\/logo-esteso-trasparente.png","contentUrl":"https:\/\/www.villarodriguez.it\/wp-content\/uploads\/2024\/10\/logo-esteso-trasparente.png","width":800,"height":352,"caption":"Hotel Villa Rodriguez"},"image":{"@id":"https:\/\/www.villarodriguez.it\/#\/schema\/logo\/image\/"},"sameAs":["https:\/\/www.facebook.com\/hotelvillarodriguez\/","https:\/\/www.instagram.com\/hotelvillarodriguez\/"]}]}},"_links":{"self":[{"href":"https:\/\/www.villarodriguez.it\/de\/wp-json\/wp\/v2\/pages\/18058","targetHints":{"allow":["GET"]}}],"collection":[{"href":"https:\/\/www.villarodriguez.it\/de\/wp-json\/wp\/v2\/pages"}],"about":[{"href":"https:\/\/www.villarodriguez.it\/de\/wp-json\/wp\/v2\/types\/page"}],"author":[{"embeddable":true,"href":"https:\/\/www.villarodriguez.it\/de\/wp-json\/wp\/v2\/users\/1"}],"replies":[{"embeddable":true,"href":"https:\/\/www.villarodriguez.it\/de\/wp-json\/wp\/v2\/comments?post=18058"}],"version-history":[{"count":5,"href":"https:\/\/www.villarodriguez.it\/de\/wp-json\/wp\/v2\/pages\/18058\/revisions"}],"predecessor-version":[{"id":18722,"href":"https:\/\/www.villarodriguez.it\/de\/wp-json\/wp\/v2\/pages\/18058\/revisions\/18722"}],"wp:attachment":[{"href":"https:\/\/www.villarodriguez.it\/de\/wp-json\/wp\/v2\/media?parent=18058"}],"curies":[{"name":"wp","href":"https:\/\/api.w.org\/{rel}","templated":true}]}}